{"id":2119,"date":"2024-03-11T10:48:44","date_gmt":"2024-03-11T10:48:44","guid":{"rendered":"https:\/\/projetosdre.madeira.gov.pt\/prer\/?page_id=2119"},"modified":"2026-04-25T09:25:20","modified_gmt":"2026-04-25T08:25:20","slug":"elementor-2119","status":"publish","type":"page","link":"https:\/\/projetosdre.madeira.gov.pt\/prer\/","title":{"rendered":"Elementor #2119"},"content":{"rendered":"\t\t<div data-elementor-type=\"wp-page\" data-elementor-id=\"2119\" class=\"elementor elementor-2119\">\n\t\t\t\t<div class=\"elementor-element elementor-element-8c390aa e-flex e-con-boxed e-con e-parent\" data-id=\"8c390aa\" data-element_type=\"container\" data-e-type=\"container\">\n\t\t\t\t\t<div class=\"e-con-inner\">\n\t\t\t\t<div class=\"elementor-element elementor-element-35c00f2 elementor-widget__width-auto elementor-widget elementor-widget-image\" data-id=\"35c00f2\" data-element_type=\"widget\" data-e-type=\"widget\" data-widget_type=\"image.default\">\n\t\t\t\t<div class=\"elementor-widget-container\">\n\t\t\t\t\t\t\t\t\t\t\t\t\t\t\t<img fetchpriority=\"high\" decoding=\"async\" width=\"1024\" height=\"512\" src=\"https:\/\/projetosdre.madeira.gov.pt\/prer\/wp-content\/uploads\/sites\/9\/2024\/03\/inicio_prer_2-1024x512.png\" class=\"attachment-large size-large wp-image-2703\" alt=\"\" srcset=\"https:\/\/projetosdre.madeira.gov.pt\/prer\/wp-content\/uploads\/sites\/9\/2024\/03\/inicio_prer_2-1024x512.png 1024w, https:\/\/projetosdre.madeira.gov.pt\/prer\/wp-content\/uploads\/sites\/9\/2024\/03\/inicio_prer_2-300x150.png 300w, https:\/\/projetosdre.madeira.gov.pt\/prer\/wp-content\/uploads\/sites\/9\/2024\/03\/inicio_prer_2-768x384.png 768w, https:\/\/projetosdre.madeira.gov.pt\/prer\/wp-content\/uploads\/sites\/9\/2024\/03\/inicio_prer_2.png 1200w\" sizes=\"(max-width: 1024px) 100vw, 1024px\" \/>\t\t\t\t\t\t\t\t\t\t\t\t\t\t\t<\/div>\n\t\t\t\t<\/div>\n\t\t\t\t<div class=\"elementor-element elementor-element-2c27fc0 elementor-widget__width-auto elementor-widget elementor-widget-image\" data-id=\"2c27fc0\" data-element_type=\"widget\" data-e-type=\"widget\" data-widget_type=\"image.default\">\n\t\t\t\t<div class=\"elementor-widget-container\">\n\t\t\t\t\t\t\t\t\t\t\t\t\t\t\t<img decoding=\"async\" width=\"724\" height=\"1024\" src=\"https:\/\/projetosdre.madeira.gov.pt\/prer\/wp-content\/uploads\/sites\/9\/2026\/04\/cartaz_prer_15_maio_versao_final-724x1024.jpg\" class=\"attachment-large size-large wp-image-3852\" alt=\"\" srcset=\"https:\/\/projetosdre.madeira.gov.pt\/prer\/wp-content\/uploads\/sites\/9\/2026\/04\/cartaz_prer_15_maio_versao_final-724x1024.jpg 724w, https:\/\/projetosdre.madeira.gov.pt\/prer\/wp-content\/uploads\/sites\/9\/2026\/04\/cartaz_prer_15_maio_versao_final-212x300.jpg 212w, https:\/\/projetosdre.madeira.gov.pt\/prer\/wp-content\/uploads\/sites\/9\/2026\/04\/cartaz_prer_15_maio_versao_final-768x1086.jpg 768w, https:\/\/projetosdre.madeira.gov.pt\/prer\/wp-content\/uploads\/sites\/9\/2026\/04\/cartaz_prer_15_maio_versao_final-1086x1536.jpg 1086w, https:\/\/projetosdre.madeira.gov.pt\/prer\/wp-content\/uploads\/sites\/9\/2026\/04\/cartaz_prer_15_maio_versao_final.jpg 1414w\" sizes=\"(max-width: 724px) 100vw, 724px\" \/>\t\t\t\t\t\t\t\t\t\t\t\t\t\t\t<\/div>\n\t\t\t\t<\/div>\n\t\t<div class=\"elementor-element elementor-element-7cf8b98 e-con-full e-flex e-con e-child\" data-id=\"7cf8b98\" data-element_type=\"container\" data-e-type=\"container\">\n\t\t\t\t<\/div>\n\t\t\t\t\t<\/div>\n\t\t\t\t<\/div>\n\t\t<div class=\"elementor-element elementor-element-40bd9f7 e-flex e-con-boxed e-con e-parent\" data-id=\"40bd9f7\" data-element_type=\"container\" data-e-type=\"container\">\n\t\t\t\t\t<div class=\"e-con-inner\">\n\t\t<div class=\"elementor-element elementor-element-916f690 e-con-full e-flex e-con e-child\" data-id=\"916f690\" data-element_type=\"container\" data-e-type=\"container\">\n\t\t\t\t<div class=\"elementor-element elementor-element-042db83 elementor-widget elementor-widget-text-editor\" data-id=\"042db83\" data-element_type=\"widget\" data-e-type=\"widget\" data-widget_type=\"text-editor.default\">\n\t\t\t\t<div class=\"elementor-widget-container\">\n\t\t\t\t\t\t\t\t\t<p><span style=\"font-family: arial, helvetica, sans-serif;font-size: 18pt\"><strong>Quem somos?<\/strong><\/span><\/p><p style=\"text-align: justify\"><span style=\"font-family: arial, helvetica, sans-serif\">O PRER foi a estrat\u00e9gia encontrada pela Dire\u00e7\u00e3o Regional de Educa\u00e7\u00e3o, da Regi\u00e3o Aut\u00f3noma da Madeira (RAM), para desenvolver uma cultura de educa\u00e7\u00e3o para a seguran\u00e7a rodovi\u00e1ria junto da comunidade educativa.<\/span><\/p><p style=\"text-align: justify\"><span style=\"background-color: var(--ast-global-color-4);color: var(--ast-global-color-3);font-style: inherit;font-weight: inherit;text-align: var(--text-align);font-family: arial, helvetica, sans-serif\">Tendo em conta que \u00e9 fundamental estimular uma cidadania respons\u00e1vel, h\u00e1 que desenvolver desde cedo compet\u00eancias, quer de a\u00e7\u00e3o quer de conhecimento, passando pelas de atitude, relacionadas com comportamentos seguros em ambiente rodovi\u00e1rio, pelo que a escola se apresenta como um contexto privilegiado nesse sentido. Tal facto justifica a pertin\u00eancia da exist\u00eancia do supracitado Plano em contexto escolar, envolvendo a comunidade respetiva, desde a educa\u00e7\u00e3o pr\u00e9-escolar at\u00e9 ao ensino secund\u00e1rio, passando pelo ensino b\u00e1sico, assim como pelos mais variados sectores da escola-comunidade educativa.<\/span><\/p><p style=\"text-align: justify\"><span style=\"background-color: var(--ast-global-color-4);color: var(--ast-global-color-3);font-style: inherit;font-weight: inherit;text-align: var(--text-align);font-family: arial, helvetica, sans-serif\">Neste formato o plano existe desde o ano letivo 2007\/2008.<\/span><\/p>\t\t\t\t\t\t\t\t<\/div>\n\t\t\t\t<\/div>\n\t\t\t\t<\/div>\n\t\t<div class=\"elementor-element elementor-element-5537730 e-con-full e-flex e-con e-child\" data-id=\"5537730\" data-element_type=\"container\" data-e-type=\"container\">\n\t\t\t\t<div class=\"elementor-element elementor-element-580cb13 elementor-widget elementor-widget-image\" data-id=\"580cb13\" data-element_type=\"widget\" data-e-type=\"widget\" data-widget_type=\"image.default\">\n\t\t\t\t<div class=\"elementor-widget-container\">\n\t\t\t\t\t\t\t\t\t\t\t\t\t\t\t<img decoding=\"async\" width=\"290\" height=\"357\" src=\"https:\/\/projetosdre.madeira.gov.pt\/prer\/wp-content\/uploads\/sites\/9\/2024\/01\/LUZINHAS-1.webp\" class=\"attachment-large size-large wp-image-2017\" alt=\"\" srcset=\"https:\/\/projetosdre.madeira.gov.pt\/prer\/wp-content\/uploads\/sites\/9\/2024\/01\/LUZINHAS-1.webp 290w, https:\/\/projetosdre.madeira.gov.pt\/prer\/wp-content\/uploads\/sites\/9\/2024\/01\/LUZINHAS-1-244x300.webp 244w\" sizes=\"(max-width: 290px) 100vw, 290px\" \/>\t\t\t\t\t\t\t\t\t\t\t\t\t\t\t<\/div>\n\t\t\t\t<\/div>\n\t\t\t\t<\/div>\n\t\t\t\t\t<\/div>\n\t\t\t\t<\/div>\n\t\t<div class=\"elementor-element elementor-element-6acf9f9 e-flex e-con-boxed e-con e-parent\" data-id=\"6acf9f9\" data-element_type=\"container\" data-e-type=\"container\">\n\t\t\t\t\t<div class=\"e-con-inner\">\n\t\t\t\t<div class=\"elementor-element elementor-element-4d6dce3 elementor-widget elementor-widget-image\" data-id=\"4d6dce3\" data-element_type=\"widget\" data-e-type=\"widget\" data-widget_type=\"image.default\">\n\t\t\t\t<div class=\"elementor-widget-container\">\n\t\t\t\t\t\t\t\t\t\t\t\t\t\t\t<img loading=\"lazy\" decoding=\"async\" width=\"1200\" height=\"100\" src=\"https:\/\/projetosdre.madeira.gov.pt\/prer\/wp-content\/uploads\/sites\/9\/2024\/03\/projetos3.jpg\" class=\"attachment-full size-full wp-image-2221\" alt=\"\" srcset=\"https:\/\/projetosdre.madeira.gov.pt\/prer\/wp-content\/uploads\/sites\/9\/2024\/03\/projetos3.jpg 1200w, https:\/\/projetosdre.madeira.gov.pt\/prer\/wp-content\/uploads\/sites\/9\/2024\/03\/projetos3-300x25.jpg 300w, https:\/\/projetosdre.madeira.gov.pt\/prer\/wp-content\/uploads\/sites\/9\/2024\/03\/projetos3-1024x85.jpg 1024w, https:\/\/projetosdre.madeira.gov.pt\/prer\/wp-content\/uploads\/sites\/9\/2024\/03\/projetos3-768x64.jpg 768w\" sizes=\"(max-width: 1200px) 100vw, 1200px\" \/>\t\t\t\t\t\t\t\t\t\t\t\t\t\t\t<\/div>\n\t\t\t\t<\/div>\n\t\t\t\t\t<\/div>\n\t\t\t\t<\/div>\n\t\t<div class=\"elementor-element elementor-element-ddaa9e3 e-flex e-con-boxed e-con e-parent\" data-id=\"ddaa9e3\" data-element_type=\"container\" data-e-type=\"container\">\n\t\t\t\t\t<div class=\"e-con-inner\">\n\t\t\t\t<div class=\"elementor-element elementor-element-a837bf3 elementor-arrows-position-inside elementor-pagination-position-outside elementor-widget elementor-widget-image-carousel\" data-id=\"a837bf3\" data-element_type=\"widget\" data-e-type=\"widget\" data-settings=\"{&quot;navigation&quot;:&quot;both&quot;,&quot;autoplay&quot;:&quot;yes&quot;,&quot;pause_on_hover&quot;:&quot;yes&quot;,&quot;pause_on_interaction&quot;:&quot;yes&quot;,&quot;autoplay_speed&quot;:5000,&quot;infinite&quot;:&quot;yes&quot;,&quot;speed&quot;:500}\" data-widget_type=\"image-carousel.default\">\n\t\t\t\t<div class=\"elementor-widget-container\">\n\t\t\t\t\t\t\t<div class=\"elementor-image-carousel-wrapper swiper\" role=\"region\" aria-roledescription=\"carousel\" aria-label=\"Carrossel de imagens\" dir=\"ltr\">\n\t\t\t<div class=\"elementor-image-carousel swiper-wrapper\" aria-live=\"off\">\n\t\t\t\t\t\t\t\t<div class=\"swiper-slide\" role=\"group\" aria-roledescription=\"slide\" aria-label=\"1 of 12\"><a data-elementor-open-lightbox=\"yes\" data-elementor-lightbox-slideshow=\"a837bf3\" data-elementor-lightbox-title=\"rev_RVE\" data-e-action-hash=\"#elementor-action%3Aaction%3Dlightbox%26settings%3DeyJpZCI6IjI0OTkiLCJ1cmwiOiJodHRwczpcL1wvcHJvamV0b3NkcmUubWFkZWlyYS5nb3YucHRcL3ByZXJcL3dwLWNvbnRlbnRcL3VwbG9hZHNcL3NpdGVzXC85XC8yMDI0XC8wM1wvcmV2X1JWRS5qcGciLCJzbGlkZXNob3ciOiJhODM3YmYzIn0%3D\" href=\"https:\/\/projetosdre.madeira.gov.pt\/prer\/elementor-2585\/\"><figure class=\"swiper-slide-inner\"><img decoding=\"async\" class=\"swiper-slide-image\" src=\"https:\/\/projetosdre.madeira.gov.pt\/prer\/wp-content\/uploads\/sites\/9\/2024\/03\/rev_RVE-768x1086.jpg\" alt=\"rev_RVE\" \/><\/figure><\/a><\/div><div class=\"swiper-slide\" role=\"group\" aria-roledescription=\"slide\" aria-label=\"2 of 12\"><a data-elementor-open-lightbox=\"yes\" data-elementor-lightbox-slideshow=\"a837bf3\" data-elementor-lightbox-title=\"revAMC_REV_IMAGE\" data-e-action-hash=\"#elementor-action%3Aaction%3Dlightbox%26settings%3DeyJpZCI6IjI1MDkiLCJ1cmwiOiJodHRwczpcL1wvcHJvamV0b3NkcmUubWFkZWlyYS5nb3YucHRcL3ByZXJcL3dwLWNvbnRlbnRcL3VwbG9hZHNcL3NpdGVzXC85XC8yMDI0XC8wM1wvcmV2QU1DX1JFVl9JTUFHRS5qcGciLCJzbGlkZXNob3ciOiJhODM3YmYzIn0%3D\" href=\"https:\/\/projetosdre.madeira.gov.pt\/prer\/elementor-2585\/\"><figure class=\"swiper-slide-inner\"><img decoding=\"async\" class=\"swiper-slide-image\" src=\"https:\/\/projetosdre.madeira.gov.pt\/prer\/wp-content\/uploads\/sites\/9\/2024\/03\/revAMC_REV_IMAGE-768x1086.jpg\" alt=\"revAMC_REV_IMAGE\" \/><\/figure><\/a><\/div><div class=\"swiper-slide\" role=\"group\" aria-roledescription=\"slide\" aria-label=\"3 of 12\"><a data-elementor-open-lightbox=\"yes\" data-elementor-lightbox-slideshow=\"a837bf3\" data-elementor-lightbox-title=\"revoai_image\" data-e-action-hash=\"#elementor-action%3Aaction%3Dlightbox%26settings%3DeyJpZCI6IjI1MTIiLCJ1cmwiOiJodHRwczpcL1wvcHJvamV0b3NkcmUubWFkZWlyYS5nb3YucHRcL3ByZXJcL3dwLWNvbnRlbnRcL3VwbG9hZHNcL3NpdGVzXC85XC8yMDI0XC8wM1wvcmV2b2FpX2ltYWdlLmpwZyIsInNsaWRlc2hvdyI6ImE4MzdiZjMifQ%3D%3D\" href=\"https:\/\/projetosdre.madeira.gov.pt\/prer\/elementor-2585\/\"><figure class=\"swiper-slide-inner\"><img decoding=\"async\" class=\"swiper-slide-image\" src=\"https:\/\/projetosdre.madeira.gov.pt\/prer\/wp-content\/uploads\/sites\/9\/2024\/03\/revoai_image-768x1086.jpg\" alt=\"revoai_image\" \/><\/figure><\/a><\/div><div class=\"swiper-slide\" role=\"group\" aria-roledescription=\"slide\" aria-label=\"4 of 12\"><a data-elementor-open-lightbox=\"yes\" data-elementor-lightbox-slideshow=\"a837bf3\" data-elementor-lightbox-title=\"revPassatempos_Seguros\" data-e-action-hash=\"#elementor-action%3Aaction%3Dlightbox%26settings%3DeyJpZCI6IjI1MjgiLCJ1cmwiOiJodHRwczpcL1wvcHJvamV0b3NkcmUubWFkZWlyYS5nb3YucHRcL3ByZXJcL3dwLWNvbnRlbnRcL3VwbG9hZHNcL3NpdGVzXC85XC8yMDI0XC8wM1wvcmV2UGFzc2F0ZW1wb3NfU2VndXJvcy5qcGciLCJzbGlkZXNob3ciOiJhODM3YmYzIn0%3D\" href=\"https:\/\/projetosdre.madeira.gov.pt\/prer\/elementor-2585\/\"><figure class=\"swiper-slide-inner\"><img decoding=\"async\" class=\"swiper-slide-image\" src=\"https:\/\/projetosdre.madeira.gov.pt\/prer\/wp-content\/uploads\/sites\/9\/2024\/03\/revPassatempos_Seguros-768x1086.jpg\" alt=\"revPassatempos_Seguros\" \/><\/figure><\/a><\/div><div class=\"swiper-slide\" role=\"group\" aria-roledescription=\"slide\" aria-label=\"5 of 12\"><a data-elementor-open-lightbox=\"yes\" data-elementor-lightbox-slideshow=\"a837bf3\" data-elementor-lightbox-title=\"revTEER_IMAGE_FIM\" data-e-action-hash=\"#elementor-action%3Aaction%3Dlightbox%26settings%3DeyJpZCI6IjI1MzIiLCJ1cmwiOiJodHRwczpcL1wvcHJvamV0b3NkcmUubWFkZWlyYS5nb3YucHRcL3ByZXJcL3dwLWNvbnRlbnRcL3VwbG9hZHNcL3NpdGVzXC85XC8yMDI0XC8wM1wvcmV2VEVFUl9JTUFHRV9GSU0uanBnIiwic2xpZGVzaG93IjoiYTgzN2JmMyJ9\" href=\"https:\/\/projetosdre.madeira.gov.pt\/prer\/elementor-2585\/\"><figure class=\"swiper-slide-inner\"><img decoding=\"async\" class=\"swiper-slide-image\" src=\"https:\/\/projetosdre.madeira.gov.pt\/prer\/wp-content\/uploads\/sites\/9\/2024\/03\/revTEER_IMAGE_FIM-768x1086.jpg\" alt=\"revTEER_IMAGE_FIM\" \/><\/figure><\/a><\/div><div class=\"swiper-slide\" role=\"group\" aria-roledescription=\"slide\" aria-label=\"6 of 12\"><a data-elementor-open-lightbox=\"yes\" data-elementor-lightbox-slideshow=\"a837bf3\" data-elementor-lightbox-title=\"revfim_atr\" data-e-action-hash=\"#elementor-action%3Aaction%3Dlightbox%26settings%3DeyJpZCI6IjI1MzYiLCJ1cmwiOiJodHRwczpcL1wvcHJvamV0b3NkcmUubWFkZWlyYS5nb3YucHRcL3ByZXJcL3dwLWNvbnRlbnRcL3VwbG9hZHNcL3NpdGVzXC85XC8yMDI0XC8wM1wvcmV2ZmltX2F0ci5qcGciLCJzbGlkZXNob3ciOiJhODM3YmYzIn0%3D\" href=\"https:\/\/projetosdre.madeira.gov.pt\/prer\/elementor-2585\/\"><figure class=\"swiper-slide-inner\"><img decoding=\"async\" class=\"swiper-slide-image\" src=\"https:\/\/projetosdre.madeira.gov.pt\/prer\/wp-content\/uploads\/sites\/9\/2024\/03\/revfim_atr-768x1086.jpg\" alt=\"revfim_atr\" \/><\/figure><\/a><\/div><div class=\"swiper-slide\" role=\"group\" aria-roledescription=\"slide\" aria-label=\"7 of 12\"><a data-elementor-open-lightbox=\"yes\" data-elementor-lightbox-slideshow=\"a837bf3\" data-elementor-lightbox-title=\"mais_Ed_rod\" data-e-action-hash=\"#elementor-action%3Aaction%3Dlightbox%26settings%3DeyJpZCI6IjI4NDAiLCJ1cmwiOiJodHRwczpcL1wvcHJvamV0b3NkcmUubWFkZWlyYS5nb3YucHRcL3ByZXJcL3dwLWNvbnRlbnRcL3VwbG9hZHNcL3NpdGVzXC85XC8yMDI0XC8wOVwvbWFpc19FZF9yb2QuanBnIiwic2xpZGVzaG93IjoiYTgzN2JmMyJ9\" href=\"https:\/\/projetosdre.madeira.gov.pt\/prer\/elementor-2585\/\"><figure class=\"swiper-slide-inner\"><img decoding=\"async\" class=\"swiper-slide-image\" src=\"https:\/\/projetosdre.madeira.gov.pt\/prer\/wp-content\/uploads\/sites\/9\/2024\/09\/mais_Ed_rod-768x1086.jpg\" alt=\"mais_Ed_rod\" \/><\/figure><\/a><\/div><div class=\"swiper-slide\" role=\"group\" aria-roledescription=\"slide\" aria-label=\"8 of 12\"><a data-elementor-open-lightbox=\"yes\" data-elementor-lightbox-slideshow=\"a837bf3\" data-elementor-lightbox-title=\"tteer_image\" data-e-action-hash=\"#elementor-action%3Aaction%3Dlightbox%26settings%3DeyJpZCI6IjI4OTIiLCJ1cmwiOiJodHRwczpcL1wvcHJvamV0b3NkcmUubWFkZWlyYS5nb3YucHRcL3ByZXJcL3dwLWNvbnRlbnRcL3VwbG9hZHNcL3NpdGVzXC85XC8yMDI0XC8wOVwvdHRlZXJfaW1hZ2UuanBnIiwic2xpZGVzaG93IjoiYTgzN2JmMyJ9\" href=\"https:\/\/projetosdre.madeira.gov.pt\/prer\/elementor-2585\/\"><figure class=\"swiper-slide-inner\"><img decoding=\"async\" class=\"swiper-slide-image\" src=\"https:\/\/projetosdre.madeira.gov.pt\/prer\/wp-content\/uploads\/sites\/9\/2024\/09\/tteer_image-768x1086.jpg\" alt=\"tteer_image\" \/><\/figure><\/a><\/div><div class=\"swiper-slide\" role=\"group\" aria-roledescription=\"slide\" aria-label=\"9 of 12\"><a data-elementor-open-lightbox=\"yes\" data-elementor-lightbox-slideshow=\"a837bf3\" data-elementor-lightbox-title=\"DESAFIOS_FRENTE\" data-e-action-hash=\"#elementor-action%3Aaction%3Dlightbox%26settings%3DeyJpZCI6IjMzODciLCJ1cmwiOiJodHRwczpcL1wvcHJvamV0b3NkcmUubWFkZWlyYS5nb3YucHRcL3ByZXJcL3dwLWNvbnRlbnRcL3VwbG9hZHNcL3NpdGVzXC85XC8yMDI1XC8wOVwvREVTQUZJT1NfRlJFTlRFLmpwZyIsInNsaWRlc2hvdyI6ImE4MzdiZjMifQ%3D%3D\" href=\"https:\/\/projetosdre.madeira.gov.pt\/prer\/elementor-2585\/\"><figure class=\"swiper-slide-inner\"><img decoding=\"async\" class=\"swiper-slide-image\" src=\"https:\/\/projetosdre.madeira.gov.pt\/prer\/wp-content\/uploads\/sites\/9\/2025\/09\/DESAFIOS_FRENTE-768x1086.jpg\" alt=\"DESAFIOS_FRENTE\" \/><\/figure><\/a><\/div><div class=\"swiper-slide\" role=\"group\" aria-roledescription=\"slide\" aria-label=\"10 of 12\"><a data-elementor-open-lightbox=\"yes\" data-elementor-lightbox-slideshow=\"a837bf3\" data-elementor-lightbox-title=\"ori_rod\" data-e-action-hash=\"#elementor-action%3Aaction%3Dlightbox%26settings%3DeyJpZCI6IjMzOTQiLCJ1cmwiOiJodHRwczpcL1wvcHJvamV0b3NkcmUubWFkZWlyYS5nb3YucHRcL3ByZXJcL3dwLWNvbnRlbnRcL3VwbG9hZHNcL3NpdGVzXC85XC8yMDI1XC8wOVwvb3JpX3JvZC5qcGciLCJzbGlkZXNob3ciOiJhODM3YmYzIn0%3D\" href=\"https:\/\/projetosdre.madeira.gov.pt\/prer\/elementor-2585\/\"><figure class=\"swiper-slide-inner\"><img decoding=\"async\" class=\"swiper-slide-image\" src=\"https:\/\/projetosdre.madeira.gov.pt\/prer\/wp-content\/uploads\/sites\/9\/2025\/09\/ori_rod-768x1086.jpg\" alt=\"ori_rod\" \/><\/figure><\/a><\/div><div class=\"swiper-slide\" role=\"group\" aria-roledescription=\"slide\" aria-label=\"11 of 12\"><a data-elementor-open-lightbox=\"yes\" data-elementor-lightbox-slideshow=\"a837bf3\" data-elementor-lightbox-title=\"HCL_2\" data-e-action-hash=\"#elementor-action%3Aaction%3Dlightbox%26settings%3DeyJpZCI6IjM1MjAiLCJ1cmwiOiJodHRwczpcL1wvcHJvamV0b3NkcmUubWFkZWlyYS5nb3YucHRcL3ByZXJcL3dwLWNvbnRlbnRcL3VwbG9hZHNcL3NpdGVzXC85XC8yMDI1XC8xMFwvSENMXzIuanBnIiwic2xpZGVzaG93IjoiYTgzN2JmMyJ9\" href=\"https:\/\/projetosdre.madeira.gov.pt\/prer\/elementor-2585\/\"><figure class=\"swiper-slide-inner\"><img decoding=\"async\" class=\"swiper-slide-image\" src=\"https:\/\/projetosdre.madeira.gov.pt\/prer\/wp-content\/uploads\/sites\/9\/2025\/10\/HCL_2-768x1086.jpg\" alt=\"HCL_2\" \/><\/figure><\/a><\/div><div class=\"swiper-slide\" role=\"group\" aria-roledescription=\"slide\" aria-label=\"12 of 12\"><a data-elementor-open-lightbox=\"yes\" data-elementor-lightbox-slideshow=\"a837bf3\" data-elementor-lightbox-title=\"et_26_rev\" data-e-action-hash=\"#elementor-action%3Aaction%3Dlightbox%26settings%3DeyJpZCI6IjM1MDEiLCJ1cmwiOiJodHRwczpcL1wvcHJvamV0b3NkcmUubWFkZWlyYS5nb3YucHRcL3ByZXJcL3dwLWNvbnRlbnRcL3VwbG9hZHNcL3NpdGVzXC85XC8yMDI1XC8xMFwvZXRfMjZfcmV2LmpwZyIsInNsaWRlc2hvdyI6ImE4MzdiZjMifQ%3D%3D\" href=\"https:\/\/projetosdre.madeira.gov.pt\/prer\/elementor-2585\/\"><figure class=\"swiper-slide-inner\"><img decoding=\"async\" class=\"swiper-slide-image\" src=\"https:\/\/projetosdre.madeira.gov.pt\/prer\/wp-content\/uploads\/sites\/9\/2025\/10\/et_26_rev-768x1086.jpg\" alt=\"et_26_rev\" \/><\/figure><\/a><\/div>\t\t\t<\/div>\n\t\t\t\t\t\t\t\t\t\t\t\t<div class=\"elementor-swiper-button elementor-swiper-button-prev\" role=\"button\" tabindex=\"0\">\n\t\t\t\t\t\t<i aria-hidden=\"true\" class=\"eicon-chevron-left\"><\/i>\t\t\t\t\t<\/div>\n\t\t\t\t\t<div class=\"elementor-swiper-button elementor-swiper-button-next\" role=\"button\" tabindex=\"0\">\n\t\t\t\t\t\t<i aria-hidden=\"true\" class=\"eicon-chevron-right\"><\/i>\t\t\t\t\t<\/div>\n\t\t\t\t\n\t\t\t\t\t\t\t\t\t<div class=\"swiper-pagination\"><\/div>\n\t\t\t\t\t\t\t\t\t<\/div>\n\t\t\t\t\t\t<\/div>\n\t\t\t\t<\/div>\n\t\t<div class=\"elementor-element elementor-element-6e4a5c0 e-con-full e-flex e-con e-child\" data-id=\"6e4a5c0\" data-element_type=\"container\" data-e-type=\"container\">\n\t\t\t\t<div class=\"elementor-element elementor-element-4cdb595 elementor-widget elementor-widget-spacer\" data-id=\"4cdb595\" data-element_type=\"widget\" data-e-type=\"widget\" data-widget_type=\"spacer.default\">\n\t\t\t\t<div class=\"elementor-widget-container\">\n\t\t\t\t\t\t\t<div class=\"elementor-spacer\">\n\t\t\t<div class=\"elementor-spacer-inner\"><\/div>\n\t\t<\/div>\n\t\t\t\t\t\t<\/div>\n\t\t\t\t<\/div>\n\t\t\t\t<\/div>\n\t\t\t\t<div class=\"elementor-element elementor-element-311d47b elementor-widget elementor-widget-image\" data-id=\"311d47b\" data-element_type=\"widget\" data-e-type=\"widget\" data-widget_type=\"image.default\">\n\t\t\t\t<div class=\"elementor-widget-container\">\n\t\t\t\t\t\t\t\t\t\t\t\t\t\t\t<img loading=\"lazy\" decoding=\"async\" width=\"1200\" height=\"100\" src=\"https:\/\/projetosdre.madeira.gov.pt\/prer\/wp-content\/uploads\/sites\/9\/2024\/03\/eventos_3.jpg\" class=\"attachment-full size-full wp-image-2226\" alt=\"\" srcset=\"https:\/\/projetosdre.madeira.gov.pt\/prer\/wp-content\/uploads\/sites\/9\/2024\/03\/eventos_3.jpg 1200w, https:\/\/projetosdre.madeira.gov.pt\/prer\/wp-content\/uploads\/sites\/9\/2024\/03\/eventos_3-300x25.jpg 300w, https:\/\/projetosdre.madeira.gov.pt\/prer\/wp-content\/uploads\/sites\/9\/2024\/03\/eventos_3-1024x85.jpg 1024w, https:\/\/projetosdre.madeira.gov.pt\/prer\/wp-content\/uploads\/sites\/9\/2024\/03\/eventos_3-768x64.jpg 768w\" sizes=\"(max-width: 1200px) 100vw, 1200px\" \/>\t\t\t\t\t\t\t\t\t\t\t\t\t\t\t<\/div>\n\t\t\t\t<\/div>\n\t\t\t\t<div class=\"elementor-element elementor-element-7e001dc elementor-arrows-position-inside elementor-pagination-position-outside elementor-widget elementor-widget-image-carousel\" data-id=\"7e001dc\" data-element_type=\"widget\" data-e-type=\"widget\" data-settings=\"{&quot;navigation&quot;:&quot;both&quot;,&quot;autoplay&quot;:&quot;yes&quot;,&quot;pause_on_hover&quot;:&quot;yes&quot;,&quot;pause_on_interaction&quot;:&quot;yes&quot;,&quot;autoplay_speed&quot;:5000,&quot;infinite&quot;:&quot;yes&quot;,&quot;speed&quot;:500}\" data-widget_type=\"image-carousel.default\">\n\t\t\t\t<div class=\"elementor-widget-container\">\n\t\t\t\t\t\t\t<div class=\"elementor-image-carousel-wrapper swiper\" role=\"region\" aria-roledescription=\"carousel\" aria-label=\"Carrossel de imagens\" dir=\"ltr\">\n\t\t\t<div class=\"elementor-image-carousel swiper-wrapper\" aria-live=\"off\">\n\t\t\t\t\t\t\t\t<div class=\"swiper-slide\" role=\"group\" aria-roledescription=\"slide\" aria-label=\"1 of 2\"><figure class=\"swiper-slide-inner\"><img decoding=\"async\" class=\"swiper-slide-image\" src=\"https:\/\/projetosdre.madeira.gov.pt\/prer\/wp-content\/uploads\/sites\/9\/2026\/03\/CONTO_ABRIL-768x1086.jpg\" alt=\"CONTO_ABRIL\" \/><\/figure><\/div><div class=\"swiper-slide\" role=\"group\" aria-roledescription=\"slide\" aria-label=\"2 of 2\"><figure class=\"swiper-slide-inner\"><img decoding=\"async\" class=\"swiper-slide-image\" src=\"https:\/\/projetosdre.madeira.gov.pt\/prer\/wp-content\/uploads\/sites\/9\/2026\/03\/finais_regionais_eventos-768x1086.jpg\" alt=\"finais_regionais_eventos\" \/><\/figure><\/div>\t\t\t<\/div>\n\t\t\t\t\t\t\t\t\t\t\t\t<div class=\"elementor-swiper-button elementor-swiper-button-prev\" role=\"button\" tabindex=\"0\">\n\t\t\t\t\t\t<i aria-hidden=\"true\" class=\"eicon-chevron-left\"><\/i>\t\t\t\t\t<\/div>\n\t\t\t\t\t<div class=\"elementor-swiper-button elementor-swiper-button-next\" role=\"button\" tabindex=\"0\">\n\t\t\t\t\t\t<i aria-hidden=\"true\" class=\"eicon-chevron-right\"><\/i>\t\t\t\t\t<\/div>\n\t\t\t\t\n\t\t\t\t\t\t\t\t\t<div class=\"swiper-pagination\"><\/div>\n\t\t\t\t\t\t\t\t\t<\/div>\n\t\t\t\t\t\t<\/div>\n\t\t\t\t<\/div>\n\t\t\t\t<div class=\"elementor-element elementor-element-a248554 elementor-widget elementor-widget-spacer\" data-id=\"a248554\" data-element_type=\"widget\" data-e-type=\"widget\" data-widget_type=\"spacer.default\">\n\t\t\t\t<div class=\"elementor-widget-container\">\n\t\t\t\t\t\t\t<div class=\"elementor-spacer\">\n\t\t\t<div class=\"elementor-spacer-inner\"><\/div>\n\t\t<\/div>\n\t\t\t\t\t\t<\/div>\n\t\t\t\t<\/div>\n\t\t\t\t\t<\/div>\n\t\t\t\t<\/div>\n\t\t<div class=\"elementor-element elementor-element-e9de6b6 e-flex e-con-boxed e-con e-parent\" data-id=\"e9de6b6\" data-element_type=\"container\" data-e-type=\"container\">\n\t\t\t\t\t<div class=\"e-con-inner\">\n\t\t\t\t<div class=\"elementor-element elementor-element-1c442bf elementor-widget elementor-widget-image\" data-id=\"1c442bf\" data-element_type=\"widget\" data-e-type=\"widget\" data-widget_type=\"image.default\">\n\t\t\t\t<div class=\"elementor-widget-container\">\n\t\t\t\t\t\t\t\t\t\t\t\t\t\t\t<img loading=\"lazy\" decoding=\"async\" width=\"1200\" height=\"100\" src=\"https:\/\/projetosdre.madeira.gov.pt\/prer\/wp-content\/uploads\/sites\/9\/2024\/03\/envolvete_2.jpg\" class=\"attachment-full size-full wp-image-2235\" alt=\"\" srcset=\"https:\/\/projetosdre.madeira.gov.pt\/prer\/wp-content\/uploads\/sites\/9\/2024\/03\/envolvete_2.jpg 1200w, https:\/\/projetosdre.madeira.gov.pt\/prer\/wp-content\/uploads\/sites\/9\/2024\/03\/envolvete_2-300x25.jpg 300w, https:\/\/projetosdre.madeira.gov.pt\/prer\/wp-content\/uploads\/sites\/9\/2024\/03\/envolvete_2-1024x85.jpg 1024w, https:\/\/projetosdre.madeira.gov.pt\/prer\/wp-content\/uploads\/sites\/9\/2024\/03\/envolvete_2-768x64.jpg 768w\" sizes=\"(max-width: 1200px) 100vw, 1200px\" \/>\t\t\t\t\t\t\t\t\t\t\t\t\t\t\t<\/div>\n\t\t\t\t<\/div>\n\t\t\t\t\t<\/div>\n\t\t\t\t<\/div>\n\t\t<div class=\"elementor-element elementor-element-5043c12 e-flex e-con-boxed e-con e-parent\" data-id=\"5043c12\" data-element_type=\"container\" data-e-type=\"container\">\n\t\t\t\t\t<div class=\"e-con-inner\">\n\t\t\t\t<div class=\"elementor-element elementor-element-c4682a1 elementor-widget elementor-widget-spacer\" data-id=\"c4682a1\" data-element_type=\"widget\" data-e-type=\"widget\" data-widget_type=\"spacer.default\">\n\t\t\t\t<div class=\"elementor-widget-container\">\n\t\t\t\t\t\t\t<div class=\"elementor-spacer\">\n\t\t\t<div class=\"elementor-spacer-inner\"><\/div>\n\t\t<\/div>\n\t\t\t\t\t\t<\/div>\n\t\t\t\t<\/div>\n\t\t\t\t<div class=\"elementor-element elementor-element-aaa3fef elementor-widget elementor-widget-text-editor\" data-id=\"aaa3fef\" data-element_type=\"widget\" data-e-type=\"widget\" data-widget_type=\"text-editor.default\">\n\t\t\t\t<div class=\"elementor-widget-container\">\n\t\t\t\t\t\t\t\t\t<p style=\"text-align: justify\"><span style=\"color: #333399;font-size: 18pt\"><strong>O Plano Regional de Educa\u00e7\u00e3o Rodovi\u00e1ria encoraja todos a desempenharem o seu papel no(a) nosso(a) Movimento pela Educa\u00e7\u00e3o Rodovi\u00e1ria. A \u00fanica maneira de termos sucesso \u00e9 quando a mudan\u00e7a vem de dentro e queremos encoraja-lo(a) a assumir um papel ativo.<\/strong><\/span><\/p>\t\t\t\t\t\t\t\t<\/div>\n\t\t\t\t<\/div>\n\t\t\t\t<div class=\"elementor-element elementor-element-b58463c elementor-widget elementor-widget-spacer\" data-id=\"b58463c\" data-element_type=\"widget\" data-e-type=\"widget\" data-widget_type=\"spacer.default\">\n\t\t\t\t<div class=\"elementor-widget-container\">\n\t\t\t\t\t\t\t<div class=\"elementor-spacer\">\n\t\t\t<div class=\"elementor-spacer-inner\"><\/div>\n\t\t<\/div>\n\t\t\t\t\t\t<\/div>\n\t\t\t\t<\/div>\n\t\t\t\t<div class=\"elementor-element elementor-element-604d754 elementor-align-center elementor-widget elementor-widget-button\" data-id=\"604d754\" data-element_type=\"widget\" data-e-type=\"widget\" data-widget_type=\"button.default\">\n\t\t\t\t<div class=\"elementor-widget-container\">\n\t\t\t\t\t\t\t\t\t<div class=\"elementor-button-wrapper\">\n\t\t\t\t\t<a class=\"elementor-button elementor-button-link elementor-size-lg\" href=\"https:\/\/forms.office.com\/e\/3SLUt0kssC\">\n\t\t\t\t\t\t<span class=\"elementor-button-content-wrapper\">\n\t\t\t\t\t\t\t\t\t<span class=\"elementor-button-text\">ADES\u00c3O DAS ESCOLAS AO PRER<\/span>\n\t\t\t\t\t<\/span>\n\t\t\t\t\t<\/a>\n\t\t\t\t<\/div>\n\t\t\t\t\t\t\t\t<\/div>\n\t\t\t\t<\/div>\n\t\t\t\t<div class=\"elementor-element elementor-element-26314f9 elementor-widget elementor-widget-spacer\" data-id=\"26314f9\" data-element_type=\"widget\" data-e-type=\"widget\" data-widget_type=\"spacer.default\">\n\t\t\t\t<div class=\"elementor-widget-container\">\n\t\t\t\t\t\t\t<div class=\"elementor-spacer\">\n\t\t\t<div class=\"elementor-spacer-inner\"><\/div>\n\t\t<\/div>\n\t\t\t\t\t\t<\/div>\n\t\t\t\t<\/div>\n\t\t<div class=\"elementor-element elementor-element-a06bc80 e-con-full e-flex e-con e-child\" data-id=\"a06bc80\" data-element_type=\"container\" data-e-type=\"container\">\n\t\t\t\t<div class=\"elementor-element elementor-element-62ba9a7 elementor-widget__width-inherit elementor-widget elementor-widget-image\" data-id=\"62ba9a7\" data-element_type=\"widget\" data-e-type=\"widget\" data-widget_type=\"image.default\">\n\t\t\t\t<div class=\"elementor-widget-container\">\n\t\t\t\t\t\t\t\t\t\t\t\t\t\t\t\t<a href=\"https:\/\/projetosdre.madeira.gov.pt\/prer\/wp-content\/uploads\/sites\/9\/2024\/11\/REDE-ESCOLAS-PRER_24_25_FINAL.pdf\">\n\t\t\t\t\t\t\t<img loading=\"lazy\" decoding=\"async\" width=\"1200\" height=\"100\" src=\"https:\/\/projetosdre.madeira.gov.pt\/prer\/wp-content\/uploads\/sites\/9\/2025\/09\/REDE-25.26.jpg\" class=\"attachment-full size-full wp-image-3354\" alt=\"\" srcset=\"https:\/\/projetosdre.madeira.gov.pt\/prer\/wp-content\/uploads\/sites\/9\/2025\/09\/REDE-25.26.jpg 1200w, https:\/\/projetosdre.madeira.gov.pt\/prer\/wp-content\/uploads\/sites\/9\/2025\/09\/REDE-25.26-300x25.jpg 300w, https:\/\/projetosdre.madeira.gov.pt\/prer\/wp-content\/uploads\/sites\/9\/2025\/09\/REDE-25.26-1024x85.jpg 1024w, https:\/\/projetosdre.madeira.gov.pt\/prer\/wp-content\/uploads\/sites\/9\/2025\/09\/REDE-25.26-768x64.jpg 768w\" sizes=\"(max-width: 1200px) 100vw, 1200px\" \/>\t\t\t\t\t\t\t\t<\/a>\n\t\t\t\t\t\t\t\t\t\t\t\t\t\t\t<\/div>\n\t\t\t\t<\/div>\n\t\t\t\t<div class=\"elementor-element elementor-element-9a457c1 elementor-widget__width-inherit elementor-widget elementor-widget-image\" data-id=\"9a457c1\" data-element_type=\"widget\" data-e-type=\"widget\" data-widget_type=\"image.default\">\n\t\t\t\t<div class=\"elementor-widget-container\">\n\t\t\t\t\t\t\t\t\t\t\t\t\t\t\t\t<a href=\"https:\/\/projetosdre.madeira.gov.pt\/prer\/wp-content\/uploads\/sites\/9\/2026\/02\/REDE_PRER_ATUAL_FEVEREIRO.pdf\">\n\t\t\t\t\t\t\t<img loading=\"lazy\" decoding=\"async\" width=\"2000\" height=\"1448\" src=\"https:\/\/projetosdre.madeira.gov.pt\/prer\/wp-content\/uploads\/sites\/9\/2026\/02\/REDE_PRER_ATUAL_FEVEREIRO.jpg\" class=\"attachment-full size-full wp-image-3776\" alt=\"\" srcset=\"https:\/\/projetosdre.madeira.gov.pt\/prer\/wp-content\/uploads\/sites\/9\/2026\/02\/REDE_PRER_ATUAL_FEVEREIRO.jpg 2000w, https:\/\/projetosdre.madeira.gov.pt\/prer\/wp-content\/uploads\/sites\/9\/2026\/02\/REDE_PRER_ATUAL_FEVEREIRO-300x217.jpg 300w, https:\/\/projetosdre.madeira.gov.pt\/prer\/wp-content\/uploads\/sites\/9\/2026\/02\/REDE_PRER_ATUAL_FEVEREIRO-1024x741.jpg 1024w, https:\/\/projetosdre.madeira.gov.pt\/prer\/wp-content\/uploads\/sites\/9\/2026\/02\/REDE_PRER_ATUAL_FEVEREIRO-768x556.jpg 768w, https:\/\/projetosdre.madeira.gov.pt\/prer\/wp-content\/uploads\/sites\/9\/2026\/02\/REDE_PRER_ATUAL_FEVEREIRO-1536x1112.jpg 1536w\" sizes=\"(max-width: 2000px) 100vw, 2000px\" \/>\t\t\t\t\t\t\t\t<\/a>\n\t\t\t\t\t\t\t\t\t\t\t\t\t\t\t<\/div>\n\t\t\t\t<\/div>\n\t\t\t\t<\/div>\n\t\t\t\t<div class=\"elementor-element elementor-element-d6e7215 elementor-widget elementor-widget-spacer\" data-id=\"d6e7215\" data-element_type=\"widget\" data-e-type=\"widget\" data-widget_type=\"spacer.default\">\n\t\t\t\t<div class=\"elementor-widget-container\">\n\t\t\t\t\t\t\t<div class=\"elementor-spacer\">\n\t\t\t<div class=\"elementor-spacer-inner\"><\/div>\n\t\t<\/div>\n\t\t\t\t\t\t<\/div>\n\t\t\t\t<\/div>\n\t\t\t\t<div class=\"elementor-element elementor-element-0584486 elementor-widget elementor-widget-image\" data-id=\"0584486\" data-element_type=\"widget\" data-e-type=\"widget\" data-widget_type=\"image.default\">\n\t\t\t\t<div class=\"elementor-widget-container\">\n\t\t\t\t\t\t\t\t\t\t\t\t\t\t\t<img loading=\"lazy\" decoding=\"async\" width=\"1200\" height=\"100\" src=\"https:\/\/projetosdre.madeira.gov.pt\/prer\/wp-content\/uploads\/sites\/9\/2024\/03\/sensibilizar.jpg\" class=\"attachment-full size-full wp-image-2297\" alt=\"\" srcset=\"https:\/\/projetosdre.madeira.gov.pt\/prer\/wp-content\/uploads\/sites\/9\/2024\/03\/sensibilizar.jpg 1200w, https:\/\/projetosdre.madeira.gov.pt\/prer\/wp-content\/uploads\/sites\/9\/2024\/03\/sensibilizar-300x25.jpg 300w, https:\/\/projetosdre.madeira.gov.pt\/prer\/wp-content\/uploads\/sites\/9\/2024\/03\/sensibilizar-1024x85.jpg 1024w, https:\/\/projetosdre.madeira.gov.pt\/prer\/wp-content\/uploads\/sites\/9\/2024\/03\/sensibilizar-768x64.jpg 768w\" sizes=\"(max-width: 1200px) 100vw, 1200px\" \/>\t\t\t\t\t\t\t\t\t\t\t\t\t\t\t<\/div>\n\t\t\t\t<\/div>\n\t\t\t\t\t<\/div>\n\t\t\t\t<\/div>\n\t\t<div class=\"elementor-element elementor-element-c380ee1 e-flex e-con-boxed e-con e-parent\" data-id=\"c380ee1\" data-element_type=\"container\" data-e-type=\"container\">\n\t\t\t\t\t<div class=\"e-con-inner\">\n\t\t\t\t<div class=\"elementor-element elementor-element-eb13e39 elementor-widget elementor-widget-video\" data-id=\"eb13e39\" data-element_type=\"widget\" data-e-type=\"widget\" data-settings=\"{&quot;youtube_url&quot;:&quot;https:\\\/\\\/www.youtube.com\\\/watch?v=E8SOpUr5FXk&amp;t=55s&quot;,&quot;video_type&quot;:&quot;youtube&quot;,&quot;controls&quot;:&quot;yes&quot;}\" data-widget_type=\"video.default\">\n\t\t\t\t<div class=\"elementor-widget-container\">\n\t\t\t\t\t\t\t<div class=\"elementor-wrapper elementor-open-inline\">\n\t\t\t<div class=\"elementor-video\"><\/div>\t\t<\/div>\n\t\t\t\t\t\t<\/div>\n\t\t\t\t<\/div>\n\t\t\t\t\t<\/div>\n\t\t\t\t<\/div>\n\t\t<div class=\"elementor-element elementor-element-d7faaa0 e-flex e-con-boxed e-con e-parent\" data-id=\"d7faaa0\" data-element_type=\"container\" data-e-type=\"container\">\n\t\t\t\t\t<div class=\"e-con-inner\">\n\t\t\t\t<div class=\"elementor-element elementor-element-39b1a6b elementor-widget elementor-widget-image\" data-id=\"39b1a6b\" data-element_type=\"widget\" data-e-type=\"widget\" data-widget_type=\"image.default\">\n\t\t\t\t<div class=\"elementor-widget-container\">\n\t\t\t\t\t\t\t\t\t\t\t\t\t\t\t\t<a href=\"https:\/\/forms.office.com\/e\/ARYT3r9ZyY\" target=\"_blank\">\n\t\t\t\t\t\t\t<img loading=\"lazy\" decoding=\"async\" width=\"1200\" height=\"100\" src=\"https:\/\/projetosdre.madeira.gov.pt\/prer\/wp-content\/uploads\/sites\/9\/2024\/06\/peoes.jpg\" class=\"attachment-full size-full wp-image-2766\" alt=\"\" srcset=\"https:\/\/projetosdre.madeira.gov.pt\/prer\/wp-content\/uploads\/sites\/9\/2024\/06\/peoes.jpg 1200w, https:\/\/projetosdre.madeira.gov.pt\/prer\/wp-content\/uploads\/sites\/9\/2024\/06\/peoes-300x25.jpg 300w, https:\/\/projetosdre.madeira.gov.pt\/prer\/wp-content\/uploads\/sites\/9\/2024\/06\/peoes-1024x85.jpg 1024w, https:\/\/projetosdre.madeira.gov.pt\/prer\/wp-content\/uploads\/sites\/9\/2024\/06\/peoes-768x64.jpg 768w\" sizes=\"(max-width: 1200px) 100vw, 1200px\" \/>\t\t\t\t\t\t\t\t<\/a>\n\t\t\t\t\t\t\t\t\t\t\t\t\t\t\t<\/div>\n\t\t\t\t<\/div>\n\t\t\t\t\t<\/div>\n\t\t\t\t<\/div>\n\t\t<div class=\"elementor-element elementor-element-3caefb7 e-flex e-con-boxed e-con e-parent\" data-id=\"3caefb7\" data-element_type=\"container\" data-e-type=\"container\">\n\t\t\t\t\t<div class=\"e-con-inner\">\n\t\t\t\t<div class=\"elementor-element elementor-element-40a18a6 elementor-widget elementor-widget-image\" data-id=\"40a18a6\" data-element_type=\"widget\" data-e-type=\"widget\" data-widget_type=\"image.default\">\n\t\t\t\t<div class=\"elementor-widget-container\">\n\t\t\t\t\t\t\t\t\t\t\t\t\t\t\t\t<a href=\"https:\/\/forms.office.com\/e\/7pjvW5JvKH\" target=\"_blank\">\n\t\t\t\t\t\t\t<img loading=\"lazy\" decoding=\"async\" width=\"1200\" height=\"100\" src=\"https:\/\/projetosdre.madeira.gov.pt\/prer\/wp-content\/uploads\/sites\/9\/2024\/06\/ciclistas.jpg\" class=\"attachment-full size-full wp-image-2774\" alt=\"\" srcset=\"https:\/\/projetosdre.madeira.gov.pt\/prer\/wp-content\/uploads\/sites\/9\/2024\/06\/ciclistas.jpg 1200w, https:\/\/projetosdre.madeira.gov.pt\/prer\/wp-content\/uploads\/sites\/9\/2024\/06\/ciclistas-300x25.jpg 300w, https:\/\/projetosdre.madeira.gov.pt\/prer\/wp-content\/uploads\/sites\/9\/2024\/06\/ciclistas-1024x85.jpg 1024w, https:\/\/projetosdre.madeira.gov.pt\/prer\/wp-content\/uploads\/sites\/9\/2024\/06\/ciclistas-768x64.jpg 768w\" sizes=\"(max-width: 1200px) 100vw, 1200px\" \/>\t\t\t\t\t\t\t\t<\/a>\n\t\t\t\t\t\t\t\t\t\t\t\t\t\t\t<\/div>\n\t\t\t\t<\/div>\n\t\t\t\t\t<\/div>\n\t\t\t\t<\/div>\n\t\t<div class=\"elementor-element elementor-element-addb0c2 e-flex e-con-boxed e-con e-parent\" data-id=\"addb0c2\" data-element_type=\"container\" data-e-type=\"container\">\n\t\t\t\t\t<div class=\"e-con-inner\">\n\t\t\t\t<div class=\"elementor-element elementor-element-70999b0 elementor-widget elementor-widget-image\" data-id=\"70999b0\" data-element_type=\"widget\" data-e-type=\"widget\" data-widget_type=\"image.default\">\n\t\t\t\t<div class=\"elementor-widget-container\">\n\t\t\t\t\t\t\t\t\t\t\t\t\t\t\t\t<a href=\"https:\/\/forms.office.com\/e\/8Agvz8KZYG\">\n\t\t\t\t\t\t\t<img loading=\"lazy\" decoding=\"async\" width=\"1200\" height=\"100\" src=\"https:\/\/projetosdre.madeira.gov.pt\/prer\/wp-content\/uploads\/sites\/9\/2024\/06\/testa_passageiros.jpg\" class=\"attachment-full size-full wp-image-2788\" alt=\"\" srcset=\"https:\/\/projetosdre.madeira.gov.pt\/prer\/wp-content\/uploads\/sites\/9\/2024\/06\/testa_passageiros.jpg 1200w, https:\/\/projetosdre.madeira.gov.pt\/prer\/wp-content\/uploads\/sites\/9\/2024\/06\/testa_passageiros-300x25.jpg 300w, https:\/\/projetosdre.madeira.gov.pt\/prer\/wp-content\/uploads\/sites\/9\/2024\/06\/testa_passageiros-1024x85.jpg 1024w, https:\/\/projetosdre.madeira.gov.pt\/prer\/wp-content\/uploads\/sites\/9\/2024\/06\/testa_passageiros-768x64.jpg 768w\" sizes=\"(max-width: 1200px) 100vw, 1200px\" \/>\t\t\t\t\t\t\t\t<\/a>\n\t\t\t\t\t\t\t\t\t\t\t\t\t\t\t<\/div>\n\t\t\t\t<\/div>\n\t\t\t\t<div class=\"elementor-element elementor-element-6f3cbf2 elementor-widget elementor-widget-spacer\" data-id=\"6f3cbf2\" data-element_type=\"widget\" data-e-type=\"widget\" data-widget_type=\"spacer.default\">\n\t\t\t\t<div class=\"elementor-widget-container\">\n\t\t\t\t\t\t\t<div class=\"elementor-spacer\">\n\t\t\t<div class=\"elementor-spacer-inner\"><\/div>\n\t\t<\/div>\n\t\t\t\t\t\t<\/div>\n\t\t\t\t<\/div>\n\t\t\t\t<div class=\"elementor-element elementor-element-e664d71 elementor-widget elementor-widget-image\" data-id=\"e664d71\" data-element_type=\"widget\" data-e-type=\"widget\" data-widget_type=\"image.default\">\n\t\t\t\t<div class=\"elementor-widget-container\">\n\t\t\t\t\t\t\t\t\t\t\t\t\t\t\t<img loading=\"lazy\" decoding=\"async\" width=\"1200\" height=\"100\" src=\"https:\/\/projetosdre.madeira.gov.pt\/prer\/wp-content\/uploads\/sites\/9\/2024\/03\/causa.jpg\" class=\"attachment-full size-full wp-image-2277\" alt=\"\" srcset=\"https:\/\/projetosdre.madeira.gov.pt\/prer\/wp-content\/uploads\/sites\/9\/2024\/03\/causa.jpg 1200w, https:\/\/projetosdre.madeira.gov.pt\/prer\/wp-content\/uploads\/sites\/9\/2024\/03\/causa-300x25.jpg 300w, https:\/\/projetosdre.madeira.gov.pt\/prer\/wp-content\/uploads\/sites\/9\/2024\/03\/causa-1024x85.jpg 1024w, https:\/\/projetosdre.madeira.gov.pt\/prer\/wp-content\/uploads\/sites\/9\/2024\/03\/causa-768x64.jpg 768w\" sizes=\"(max-width: 1200px) 100vw, 1200px\" \/>\t\t\t\t\t\t\t\t\t\t\t\t\t\t\t<\/div>\n\t\t\t\t<\/div>\n\t\t\t\t<div class=\"elementor-element elementor-element-13ea6dc elementor-arrows-position-inside elementor-pagination-position-outside elementor-widget elementor-widget-image-carousel\" data-id=\"13ea6dc\" data-element_type=\"widget\" data-e-type=\"widget\" data-settings=\"{&quot;navigation&quot;:&quot;both&quot;,&quot;autoplay&quot;:&quot;yes&quot;,&quot;pause_on_hover&quot;:&quot;yes&quot;,&quot;pause_on_interaction&quot;:&quot;yes&quot;,&quot;autoplay_speed&quot;:5000,&quot;infinite&quot;:&quot;yes&quot;,&quot;speed&quot;:500}\" data-widget_type=\"image-carousel.default\">\n\t\t\t\t<div class=\"elementor-widget-container\">\n\t\t\t\t\t\t\t<div class=\"elementor-image-carousel-wrapper swiper\" role=\"region\" aria-roledescription=\"carousel\" aria-label=\"Carrossel de imagens\" dir=\"ltr\">\n\t\t\t<div class=\"elementor-image-carousel swiper-wrapper\" aria-live=\"off\">\n\t\t\t\t\t\t\t\t<div class=\"swiper-slide\" role=\"group\" aria-roledescription=\"slide\" aria-label=\"1 of 3\"><figure class=\"swiper-slide-inner\"><img decoding=\"async\" class=\"swiper-slide-image\" src=\"https:\/\/projetosdre.madeira.gov.pt\/prer\/wp-content\/uploads\/sites\/9\/2024\/03\/david_6.jpg\" alt=\"david_6\" \/><\/figure><\/div><div class=\"swiper-slide\" role=\"group\" aria-roledescription=\"slide\" aria-label=\"2 of 3\"><figure class=\"swiper-slide-inner\"><img decoding=\"async\" class=\"swiper-slide-image\" src=\"https:\/\/projetosdre.madeira.gov.pt\/prer\/wp-content\/uploads\/sites\/9\/2024\/03\/carla_5.jpg\" alt=\"carla_5\" \/><\/figure><\/div><div class=\"swiper-slide\" role=\"group\" aria-roledescription=\"slide\" aria-label=\"3 of 3\"><figure class=\"swiper-slide-inner\"><img decoding=\"async\" class=\"swiper-slide-image\" src=\"https:\/\/projetosdre.madeira.gov.pt\/prer\/wp-content\/uploads\/sites\/9\/2024\/03\/nelson_5.jpg\" alt=\"nelson_5\" \/><\/figure><\/div>\t\t\t<\/div>\n\t\t\t\t\t\t\t\t\t\t\t\t<div class=\"elementor-swiper-button elementor-swiper-button-prev\" role=\"button\" tabindex=\"0\">\n\t\t\t\t\t\t<i aria-hidden=\"true\" class=\"eicon-chevron-left\"><\/i>\t\t\t\t\t<\/div>\n\t\t\t\t\t<div class=\"elementor-swiper-button elementor-swiper-button-next\" role=\"button\" tabindex=\"0\">\n\t\t\t\t\t\t<i aria-hidden=\"true\" class=\"eicon-chevron-right\"><\/i>\t\t\t\t\t<\/div>\n\t\t\t\t\n\t\t\t\t\t\t\t\t\t<div class=\"swiper-pagination\"><\/div>\n\t\t\t\t\t\t\t\t\t<\/div>\n\t\t\t\t\t\t<\/div>\n\t\t\t\t<\/div>\n\t\t\t\t\t<\/div>\n\t\t\t\t<\/div>\n\t\t<div class=\"elementor-element elementor-element-ecbc0b2 e-flex e-con-boxed e-con e-parent\" data-id=\"ecbc0b2\" data-element_type=\"container\" data-e-type=\"container\">\n\t\t\t\t\t<div class=\"e-con-inner\">\n\t\t<div class=\"elementor-element elementor-element-a68210a e-con-full e-flex e-con e-child\" data-id=\"a68210a\" data-element_type=\"container\" data-e-type=\"container\">\n\t\t\t\t<div class=\"elementor-element elementor-element-2bad171 elementor-align-left elementor-widget elementor-widget-button\" data-id=\"2bad171\" data-element_type=\"widget\" data-e-type=\"widget\" data-widget_type=\"button.default\">\n\t\t\t\t<div class=\"elementor-widget-container\">\n\t\t\t\t\t\t\t\t\t<div class=\"elementor-button-wrapper\">\n\t\t\t\t\t<a class=\"elementor-button elementor-button-link elementor-size-sm\" href=\"http:\/\/www.vialitoral.com\/balances\" target=\"_blank\">\n\t\t\t\t\t\t<span class=\"elementor-button-content-wrapper\">\n\t\t\t\t\t\t\t\t\t<span class=\"elementor-button-text\">balan\u00e7o semanal de ocorr\u00cancias - via litoral<\/span>\n\t\t\t\t\t<\/span>\n\t\t\t\t\t<\/a>\n\t\t\t\t<\/div>\n\t\t\t\t\t\t\t\t<\/div>\n\t\t\t\t<\/div>\n\t\t\t\t<\/div>\n\t\t<div class=\"elementor-element elementor-element-00d8829 e-con-full e-flex e-con e-child\" data-id=\"00d8829\" data-element_type=\"container\" data-e-type=\"container\">\n\t\t\t\t<div class=\"elementor-element elementor-element-89de152 elementor-align-right elementor-widget elementor-widget-button\" data-id=\"89de152\" data-element_type=\"widget\" data-e-type=\"widget\" data-widget_type=\"button.default\">\n\t\t\t\t<div class=\"elementor-widget-container\">\n\t\t\t\t\t\t\t\t\t<div class=\"elementor-button-wrapper\">\n\t\t\t\t\t<a class=\"elementor-button elementor-button-link elementor-size-sm\" href=\"https:\/\/www.viaexpresso.com\/rede-concessionada\/balanco-semanal-de-ocorrencias.html\">\n\t\t\t\t\t\t<span class=\"elementor-button-content-wrapper\">\n\t\t\t\t\t\t\t\t\t<span class=\"elementor-button-text\">Balan\u00e7o semanal de ocorr\u00cancias - Via Expresso<\/span>\n\t\t\t\t\t<\/span>\n\t\t\t\t\t<\/a>\n\t\t\t\t<\/div>\n\t\t\t\t\t\t\t\t<\/div>\n\t\t\t\t<\/div>\n\t\t\t\t<\/div>\n\t\t\t\t\t<\/div>\n\t\t\t\t<\/div>\n\t\t<div class=\"elementor-element elementor-element-c31acff e-flex e-con-boxed e-con e-parent\" data-id=\"c31acff\" data-element_type=\"container\" data-e-type=\"container\">\n\t\t\t\t\t<div class=\"e-con-inner\">\n\t\t<div class=\"elementor-element elementor-element-fa4a92b e-con-full e-flex e-con e-child\" data-id=\"fa4a92b\" data-element_type=\"container\" data-e-type=\"container\">\n\t\t\t\t<div class=\"elementor-element elementor-element-535ddfd elementor-absolute elementor-widget elementor-widget-image\" data-id=\"535ddfd\" data-element_type=\"widget\" data-e-type=\"widget\" data-settings=\"{&quot;_position&quot;:&quot;absolute&quot;}\" data-widget_type=\"image.default\">\n\t\t\t\t<div class=\"elementor-widget-container\">\n\t\t\t\t\t\t\t\t\t\t\t\t\t\t\t<img loading=\"lazy\" decoding=\"async\" width=\"150\" height=\"50\" src=\"https:\/\/projetosdre.madeira.gov.pt\/prer\/wp-content\/uploads\/sites\/9\/2024\/03\/rev_parceiros.png\" class=\"attachment-large size-large wp-image-2336\" alt=\"\" \/>\t\t\t\t\t\t\t\t\t\t\t\t\t\t\t<\/div>\n\t\t\t\t<\/div>\n\t\t\t\t<\/div>\n\t\t\t\t<div class=\"elementor-element elementor-element-61ea3e2 elementor-absolute elementor-widget elementor-widget-image\" data-id=\"61ea3e2\" data-element_type=\"widget\" data-e-type=\"widget\" data-settings=\"{&quot;_position&quot;:&quot;absolute&quot;}\" data-widget_type=\"image.default\">\n\t\t\t\t<div class=\"elementor-widget-container\">\n\t\t\t\t\t\t\t\t\t\t\t\t\t\t\t<img loading=\"lazy\" decoding=\"async\" width=\"230\" height=\"50\" src=\"https:\/\/projetosdre.madeira.gov.pt\/prer\/wp-content\/uploads\/sites\/9\/2024\/03\/patrocina.png\" class=\"attachment-large size-large wp-image-2362\" alt=\"\" \/>\t\t\t\t\t\t\t\t\t\t\t\t\t\t\t<\/div>\n\t\t\t\t<\/div>\n\t\t\t\t\t<\/div>\n\t\t\t\t<\/div>\n\t\t<div class=\"elementor-element elementor-element-db7b44d e-flex e-con-boxed e-con e-parent\" data-id=\"db7b44d\" data-element_type=\"container\" data-e-type=\"container\">\n\t\t\t\t\t<div class=\"e-con-inner\">\n\t\t<div class=\"elementor-element elementor-element-0688c11 e-con-full e-flex e-con e-child\" data-id=\"0688c11\" data-element_type=\"container\" data-e-type=\"container\">\n\t\t\t\t<div class=\"elementor-element elementor-element-da7b34c elementor-arrows-position-inside elementor-pagination-position-outside elementor-widget elementor-widget-image-carousel\" data-id=\"da7b34c\" data-element_type=\"widget\" data-e-type=\"widget\" data-settings=\"{&quot;navigation&quot;:&quot;both&quot;,&quot;autoplay&quot;:&quot;yes&quot;,&quot;pause_on_hover&quot;:&quot;yes&quot;,&quot;pause_on_interaction&quot;:&quot;yes&quot;,&quot;autoplay_speed&quot;:5000,&quot;infinite&quot;:&quot;yes&quot;,&quot;speed&quot;:500}\" data-widget_type=\"image-carousel.default\">\n\t\t\t\t<div class=\"elementor-widget-container\">\n\t\t\t\t\t\t\t<div class=\"elementor-image-carousel-wrapper swiper\" role=\"region\" aria-roledescription=\"carousel\" aria-label=\"Carrossel de imagens\" dir=\"ltr\">\n\t\t\t<div class=\"elementor-image-carousel swiper-wrapper\" aria-live=\"off\">\n\t\t\t\t\t\t\t\t<div class=\"swiper-slide\" role=\"group\" aria-roledescription=\"slide\" aria-label=\"1 of 3\"><figure class=\"swiper-slide-inner\"><img decoding=\"async\" class=\"swiper-slide-image\" src=\"https:\/\/projetosdre.madeira.gov.pt\/prer\/wp-content\/uploads\/sites\/9\/2024\/03\/rev_logo_espr.jpg\" alt=\"rev_logo_espr\" \/><\/figure><\/div><div class=\"swiper-slide\" role=\"group\" aria-roledescription=\"slide\" aria-label=\"2 of 3\"><figure class=\"swiper-slide-inner\"><img decoding=\"async\" class=\"swiper-slide-image\" src=\"https:\/\/projetosdre.madeira.gov.pt\/prer\/wp-content\/uploads\/sites\/9\/2024\/03\/rev_logo_psp.jpg\" alt=\"rev_logo_psp\" \/><\/figure><\/div><div class=\"swiper-slide\" role=\"group\" aria-roledescription=\"slide\" aria-label=\"3 of 3\"><figure class=\"swiper-slide-inner\"><img decoding=\"async\" class=\"swiper-slide-image\" src=\"https:\/\/projetosdre.madeira.gov.pt\/prer\/wp-content\/uploads\/sites\/9\/2024\/03\/rev_logo_rali.jpg\" alt=\"rev_logo_rali\" \/><\/figure><\/div>\t\t\t<\/div>\n\t\t\t\t\t\t\t\t\t\t\t\t<div class=\"elementor-swiper-button elementor-swiper-button-prev\" role=\"button\" tabindex=\"0\">\n\t\t\t\t\t\t<i aria-hidden=\"true\" class=\"eicon-chevron-left\"><\/i>\t\t\t\t\t<\/div>\n\t\t\t\t\t<div class=\"elementor-swiper-button elementor-swiper-button-next\" role=\"button\" tabindex=\"0\">\n\t\t\t\t\t\t<i aria-hidden=\"true\" class=\"eicon-chevron-right\"><\/i>\t\t\t\t\t<\/div>\n\t\t\t\t\n\t\t\t\t\t\t\t\t\t<div class=\"swiper-pagination\"><\/div>\n\t\t\t\t\t\t\t\t\t<\/div>\n\t\t\t\t\t\t<\/div>\n\t\t\t\t<\/div>\n\t\t\t\t<\/div>\n\t\t\t\t<div class=\"elementor-element elementor-element-16918e9 elementor-widget__width-initial elementor-arrows-position-inside elementor-pagination-position-outside elementor-widget elementor-widget-image-carousel\" data-id=\"16918e9\" data-element_type=\"widget\" data-e-type=\"widget\" data-settings=\"{&quot;navigation&quot;:&quot;both&quot;,&quot;autoplay&quot;:&quot;yes&quot;,&quot;pause_on_hover&quot;:&quot;yes&quot;,&quot;pause_on_interaction&quot;:&quot;yes&quot;,&quot;autoplay_speed&quot;:5000,&quot;infinite&quot;:&quot;yes&quot;,&quot;speed&quot;:500}\" data-widget_type=\"image-carousel.default\">\n\t\t\t\t<div class=\"elementor-widget-container\">\n\t\t\t\t\t\t\t<div class=\"elementor-image-carousel-wrapper swiper\" role=\"region\" aria-roledescription=\"carousel\" aria-label=\"Carrossel de imagens\" dir=\"ltr\">\n\t\t\t<div class=\"elementor-image-carousel swiper-wrapper\" aria-live=\"off\">\n\t\t\t\t\t\t\t\t<div class=\"swiper-slide\" role=\"group\" aria-roledescription=\"slide\" aria-label=\"1 of 1\"><figure class=\"swiper-slide-inner\"><img decoding=\"async\" class=\"swiper-slide-image\" src=\"https:\/\/projetosdre.madeira.gov.pt\/prer\/wp-content\/uploads\/sites\/9\/2024\/03\/logo_mzbike_Rev.jpg\" alt=\"logo_mzbike_Rev\" \/><\/figure><\/div>\t\t\t<\/div>\n\t\t\t\t\t<\/div>\n\t\t\t\t\t\t<\/div>\n\t\t\t\t<\/div>\n\t\t\t\t\t<\/div>\n\t\t\t\t<\/div>\n\t\t\t\t<\/div>\n\t\t","protected":false},"excerpt":{"rendered":"<p>Quem somos? O PRER foi a estrat\u00e9gia encontrada pela Dire\u00e7\u00e3o Regional de Educa\u00e7\u00e3o, da Regi\u00e3o Aut\u00f3noma da Madeira (RAM), para desenvolver uma cultura de educa\u00e7\u00e3o para a seguran\u00e7a rodovi\u00e1ria junto da comunidade educativa. Tendo em conta que \u00e9 fundamental estimular uma cidadania respons\u00e1vel, h\u00e1 que desenvolver desde cedo compet\u00eancias, quer de a\u00e7\u00e3o quer de conhecimento, [&hellip;]<\/p>\n","protected":false},"author":24,"featured_media":0,"parent":0,"menu_order":0,"comment_status":"closed","ping_status":"closed","template":"","meta":{"site-sidebar-layout":"no-sidebar","site-content-layout":"page-builder","ast-site-content-layout":"full-width-container","site-content-style":"default","site-sidebar-style":"default","ast-global-header-display":"","ast-banner-title-visibility":"","ast-main-header-display":"","ast-hfb-above-header-display":"","ast-hfb-below-header-display":"","ast-hfb-mobile-header-display":"","site-post-title":"disabled","ast-breadcrumbs-content":"","ast-featured-img":"disabled","footer-sml-layout":"","ast-disable-related-posts":"","theme-transparent-header-meta":"","adv-header-id-meta":"","stick-header-meta":"","header-above-stick-meta":"","header-main-stick-meta":"","header-below-stick-meta":"","astra-migrate-meta-layouts":"set","ast-page-background-enabled":"default","ast-page-background-meta":{"desktop":{"background-color":"var(--ast-global-color-4)","background-image":"","background-repeat":"repeat","background-position":"center center","background-size":"auto","background-attachment":"scroll","background-type":"","background-media":"","overlay-type":"","overlay-color":"","overlay-opacity":"","overlay-gradient":""},"tablet":{"background-color":"","background-image":"","background-repeat":"repeat","background-position":"center center","background-size":"auto","background-attachment":"scroll","background-type":"","background-media":"","overlay-type":"","overlay-color":"","overlay-opacity":"","overlay-gradient":""},"mobile":{"background-color":"","background-image":"","background-repeat":"repeat","background-position":"center center","background-size":"auto","background-attachment":"scroll","background-type":"","background-media":"","overlay-type":"","overlay-color":"","overlay-opacity":"","overlay-gradient":""}},"ast-content-background-meta":{"desktop":{"background-color":"var(--ast-global-color-5)","background-image":"","background-repeat":"repeat","background-position":"center center","background-size":"auto","background-attachment":"scroll","background-type":"","background-media":"","overlay-type":"","overlay-color":"","overlay-opacity":"","overlay-gradient":""},"tablet":{"background-color":"var(--ast-global-color-5)","background-image":"","background-repeat":"repeat","background-position":"center center","background-size":"auto","background-attachment":"scroll","background-type":"","background-media":"","overlay-type":"","overlay-color":"","overlay-opacity":"","overlay-gradient":""},"mobile":{"background-color":"var(--ast-global-color-5)","background-image":"","background-repeat":"repeat","background-position":"center center","background-size":"auto","background-attachment":"scroll","background-type":"","background-media":"","overlay-type":"","overlay-color":"","overlay-opacity":"","overlay-gradient":""}},"_themeisle_gutenberg_block_has_review":false,"footnotes":""},"class_list":["post-2119","page","type-page","status-publish","hentry"],"_links":{"self":[{"href":"https:\/\/projetosdre.madeira.gov.pt\/prer\/wp-json\/wp\/v2\/pages\/2119","targetHints":{"allow":["GET"]}}],"collection":[{"href":"https:\/\/projetosdre.madeira.gov.pt\/prer\/wp-json\/wp\/v2\/pages"}],"about":[{"href":"https:\/\/projetosdre.madeira.gov.pt\/prer\/wp-json\/wp\/v2\/types\/page"}],"author":[{"embeddable":true,"href":"https:\/\/projetosdre.madeira.gov.pt\/prer\/wp-json\/wp\/v2\/users\/24"}],"replies":[{"embeddable":true,"href":"https:\/\/projetosdre.madeira.gov.pt\/prer\/wp-json\/wp\/v2\/comments?post=2119"}],"version-history":[{"count":778,"href":"https:\/\/projetosdre.madeira.gov.pt\/prer\/wp-json\/wp\/v2\/pages\/2119\/revisions"}],"predecessor-version":[{"id":3855,"href":"https:\/\/projetosdre.madeira.gov.pt\/prer\/wp-json\/wp\/v2\/pages\/2119\/revisions\/3855"}],"wp:attachment":[{"href":"https:\/\/projetosdre.madeira.gov.pt\/prer\/wp-json\/wp\/v2\/media?parent=2119"}],"curies":[{"name":"wp","href":"https:\/\/api.w.org\/{rel}","templated":true}]}}